{"id":137,"date":"2025-06-06T13:44:07","date_gmt":"2025-06-06T11:44:07","guid":{"rendered":"https:\/\/kos-avocats.fr\/ameliecoeurbattantcorpspatient\/?page_id=137"},"modified":"2025-11-14T08:23:39","modified_gmt":"2025-11-14T07:23:39","slug":"philopsycho","status":"publish","type":"page","link":"https:\/\/kos-avocats.fr\/ameliecoeurbattantcorpspatient\/philopsycho\/","title":{"rendered":"Philo Psycho"},"content":{"rendered":"<div class=\"wpb-content-wrapper\"><p>[vc_row][vc_column width=\u00a0\u00bb1\/3&Prime;][vc_hoverbox image=\u00a0\u00bb359&Prime; primary_title=\u00a0\u00bb\u00a0\u00bb hover_title=\u00a0\u00bb\u00a0\u00bb hover_background_color=\u00a0\u00bbcustom\u00a0\u00bb hover_btn_title=\u00a0\u00bbLire l&rsquo;article\u00a0\u00bb hover_btn_color=\u00a0\u00bbwhite\u00a0\u00bb hover_add_button=\u00a0\u00bbtrue\u00a0\u00bb hover_custom_background=\u00a0\u00bb#DFA248&Prime; hover_btn_link=\u00a0\u00bburl:https%3A%2F%2Fkos-avocats.fr%2Fameliecoeurbattantcorpspatient%2F2025%2F11%2F07%2Fle-handicap-cause-par-la-maladie-ca-vous-parle%2F\u00a0\u00bb][\/vc_hoverbox]<div id=\"ultimate-heading-727169f4aa1352ee1\" class=\"uvc-heading ult-adjust-bottom-margin ultimate-heading-727169f4aa1352ee1 uvc-6022 \" data-hspacer=\"no_spacer\"  data-halign=\"center\" style=\"text-align:center\"><div class=\"uvc-heading-spacer no_spacer\" style=\"top\"><\/div><div class=\"uvc-sub-heading ult-responsive\"  data-ultimate-target='.uvc-heading.ultimate-heading-727169f4aa1352ee1 .uvc-sub-heading '  data-responsive-json-new='{\"font-size\":\"\",\"line-height\":\"\"}'  style=\"font-weight:normal;\"><span style=\"font-size: 18px;\"><strong><span style=\"font-family: arial, helvetica, sans-serif;\"><b>Le handicap caus\u00e9 par la maladie, \u00e7a vous parle ?<\/b><\/span><\/strong><\/span><\/div><\/div>[vc_empty_space height=\u00a0\u00bb50px\u00a0\u00bb][vc_hoverbox image=\u00a0\u00bb345&Prime; primary_title=\u00a0\u00bb\u00a0\u00bb hover_title=\u00a0\u00bb\u00a0\u00bb hover_background_color=\u00a0\u00bbcustom\u00a0\u00bb hover_btn_title=\u00a0\u00bbLire l&rsquo;article\u00a0\u00bb hover_btn_color=\u00a0\u00bbwhite\u00a0\u00bb hover_add_button=\u00a0\u00bbtrue\u00a0\u00bb hover_custom_background=\u00a0\u00bb#DFA248&Prime; hover_btn_link=\u00a0\u00bburl:https%3A%2F%2Fkos-avocats.fr%2Fameliecoeurbattantcorpspatient%2F2025%2F10%2F16%2Fjournee-mondiale-de-la-douleur-mepriser-la-douleur-lecon-stoicienne-et-limites-humaines%2F\u00a0\u00bb][\/vc_hoverbox]<div id=\"ultimate-heading-606869f4aa1352f14\" class=\"uvc-heading ult-adjust-bottom-margin ultimate-heading-606869f4aa1352f14 uvc-710 \" data-hspacer=\"no_spacer\"  data-halign=\"center\" style=\"text-align:center\"><div class=\"uvc-heading-spacer no_spacer\" style=\"top\"><\/div><div class=\"uvc-sub-heading ult-responsive\"  data-ultimate-target='.uvc-heading.ultimate-heading-606869f4aa1352f14 .uvc-sub-heading '  data-responsive-json-new='{\"font-size\":\"\",\"line-height\":\"\"}'  style=\"font-weight:normal;\"><span style=\"font-size: 18px;\"><strong><span style=\"font-family: arial, helvetica, sans-serif;\"><b>Journ\u00e9e mondiale de la douleur \u2013 M\u00e9priser la douleur ? Le\u00e7on sto\u00efcienne et limites humaines<\/b><\/span><\/strong><\/span><\/div><\/div>[\/vc_column][vc_column width=\u00a0\u00bb1\/3&Prime;][vc_hoverbox image=\u00a0\u00bb287&Prime; primary_title=\u00a0\u00bb\u00a0\u00bb hover_title=\u00a0\u00bb\u00a0\u00bb hover_background_color=\u00a0\u00bbcustom\u00a0\u00bb hover_btn_title=\u00a0\u00bbLire l&rsquo;article\u00a0\u00bb hover_btn_color=\u00a0\u00bbwhite\u00a0\u00bb hover_add_button=\u00a0\u00bbtrue\u00a0\u00bb hover_custom_background=\u00a0\u00bb#DFA248&Prime; hover_btn_link=\u00a0\u00bburl:https%3A%2F%2Fkos-avocats.fr%2Fameliecoeurbattantcorpspatient%2F2025%2F09%2F12%2Fsouvenir-de-vacances%2F\u00a0\u00bb][\/vc_hoverbox]<div id=\"ultimate-heading-38169f4aa1352f30\" class=\"uvc-heading ult-adjust-bottom-margin ultimate-heading-38169f4aa1352f30 uvc-4954 \" data-hspacer=\"no_spacer\"  data-halign=\"center\" style=\"text-align:center\"><div class=\"uvc-heading-spacer no_spacer\" style=\"top\"><\/div><div class=\"uvc-sub-heading ult-responsive\"  data-ultimate-target='.uvc-heading.ultimate-heading-38169f4aa1352f30 .uvc-sub-heading '  data-responsive-json-new='{\"font-size\":\"\",\"line-height\":\"\"}'  style=\"font-weight:normal;\"><span style=\"font-size: 18px;\"><strong><span style=\"font-family: arial, helvetica, sans-serif;\">Souvenir de vacances<\/span><\/strong><\/span><\/div><\/div>[vc_empty_space height=\u00a0\u00bb50px\u00a0\u00bb][vc_hoverbox image=\u00a0\u00bb317&Prime; primary_title=\u00a0\u00bb\u00a0\u00bb hover_title=\u00a0\u00bb\u00a0\u00bb hover_background_color=\u00a0\u00bbcustom\u00a0\u00bb hover_btn_title=\u00a0\u00bbLire l&rsquo;article\u00a0\u00bb hover_btn_color=\u00a0\u00bbwhite\u00a0\u00bb hover_add_button=\u00a0\u00bbtrue\u00a0\u00bb hover_custom_background=\u00a0\u00bb#DFA248&Prime; hover_btn_link=\u00a0\u00bburl:https%3A%2F%2Fkos-avocats.fr%2Fameliecoeurbattantcorpspatient%2F2025%2F09%2F19%2Freflexion-sur-mes-lectures-de-quarantenaire%2F\u00a0\u00bb][\/vc_hoverbox]<div id=\"ultimate-heading-830569f4aa1352f46\" class=\"uvc-heading ult-adjust-bottom-margin ultimate-heading-830569f4aa1352f46 uvc-3463 \" data-hspacer=\"no_spacer\"  data-halign=\"center\" style=\"text-align:center\"><div class=\"uvc-heading-spacer no_spacer\" style=\"top\"><\/div><div class=\"uvc-sub-heading ult-responsive\"  data-ultimate-target='.uvc-heading.ultimate-heading-830569f4aa1352f46 .uvc-sub-heading '  data-responsive-json-new='{\"font-size\":\"\",\"line-height\":\"\"}'  style=\"font-weight:normal;\"><strong><span style=\"font-family: arial, helvetica, sans-serif; font-size: large;\">Mes lectures de quarantenaire<\/span><\/strong><\/div><\/div>[\/vc_column][vc_column width=\u00a0\u00bb1\/3&Prime;][vc_hoverbox image=\u00a0\u00bb139&Prime; primary_title=\u00a0\u00bb\u00a0\u00bb hover_title=\u00a0\u00bb\u00a0\u00bb hover_background_color=\u00a0\u00bbcustom\u00a0\u00bb hover_btn_title=\u00a0\u00bbLire l&rsquo;article\u00a0\u00bb hover_btn_color=\u00a0\u00bbwhite\u00a0\u00bb hover_add_button=\u00a0\u00bbtrue\u00a0\u00bb hover_custom_background=\u00a0\u00bb#DFA248&Prime; hover_btn_link=\u00a0\u00bburl:https%3A%2F%2Fkos-avocats.fr%2Fameliecoeurbattantcorpspatient%2F2025%2F06%2F06%2Fla-technique-du-lieu-sur-sabriter-quand-lemotion-deborde%2F\u00a0\u00bb][\/vc_hoverbox]<div id=\"ultimate-heading-911869f4aa1352f5b\" class=\"uvc-heading ult-adjust-bottom-margin ultimate-heading-911869f4aa1352f5b uvc-6884 \" data-hspacer=\"no_spacer\"  data-halign=\"center\" style=\"text-align:center\"><div class=\"uvc-heading-spacer no_spacer\" style=\"top\"><\/div><div class=\"uvc-sub-heading ult-responsive\"  data-ultimate-target='.uvc-heading.ultimate-heading-911869f4aa1352f5b .uvc-sub-heading '  data-responsive-json-new='{\"font-size\":\"\",\"line-height\":\"\"}'  style=\"font-weight:normal;\"><span style=\"font-size: 18px;\"><strong><span style=\"font-family: arial, helvetica, sans-serif;\">La technique du \u00ab\u00a0lieu s\u00fbr\u00a0\u00bb<\/span><\/strong><\/span><\/div><\/div>[vc_empty_space height=\u00a0\u00bb50px\u00a0\u00bb][vc_hoverbox image=\u00a0\u00bb138&Prime; primary_title=\u00a0\u00bb\u00a0\u00bb hover_title=\u00a0\u00bb\u00a0\u00bb hover_background_color=\u00a0\u00bbcustom\u00a0\u00bb hover_btn_title=\u00a0\u00bbLire l&rsquo;article\u00a0\u00bb hover_btn_color=\u00a0\u00bbwhite\u00a0\u00bb hover_add_button=\u00a0\u00bbtrue\u00a0\u00bb hover_custom_background=\u00a0\u00bb#DFA248&Prime; hover_btn_link=\u00a0\u00bburl:https%3A%2F%2Fkos-avocats.fr%2Fameliecoeurbattantcorpspatient%2F2025%2F06%2F06%2Fla-sensibilite-une-alliee-precieuse-dans-mon-metier%2F\u00a0\u00bb][\/vc_hoverbox]<div id=\"ultimate-heading-8769f4aa1352f70\" class=\"uvc-heading ult-adjust-bottom-margin ultimate-heading-8769f4aa1352f70 uvc-7042 \" data-hspacer=\"no_spacer\"  data-halign=\"center\" style=\"text-align:center\"><div class=\"uvc-heading-spacer no_spacer\" style=\"top\"><\/div><div class=\"uvc-sub-heading ult-responsive\"  data-ultimate-target='.uvc-heading.ultimate-heading-8769f4aa1352f70 .uvc-sub-heading '  data-responsive-json-new='{\"font-size\":\"\",\"line-height\":\"\"}'  style=\"font-weight:normal;\"><span style=\"font-size: 18px;\"><strong><span style=\"font-family: arial, helvetica, sans-serif;\">La sensibilit\u00e9, une alli\u00e9e pr\u00e9cieuse dans mon m\u00e9tier<\/span><\/strong><\/span><\/div><\/div>[vc_empty_space height=\u00a0\u00bb50px\u00a0\u00bb][vc_hoverbox image=\u00a0\u00bb331&Prime; primary_title=\u00a0\u00bb\u00a0\u00bb hover_title=\u00a0\u00bb\u00a0\u00bb hover_background_color=\u00a0\u00bbcustom\u00a0\u00bb hover_btn_title=\u00a0\u00bbLire l&rsquo;article\u00a0\u00bb hover_btn_color=\u00a0\u00bbwhite\u00a0\u00bb hover_add_button=\u00a0\u00bbtrue\u00a0\u00bb hover_custom_background=\u00a0\u00bb#DFA248&Prime; hover_btn_link=\u00a0\u00bburl:https%3A%2F%2Fkos-avocats.fr%2Fameliecoeurbattantcorpspatient%2F2025%2F10%2F03%2Fquand-la-philosophie-se-devoile-seins-nus-regards-croises-sur-lagrenee-et-brandi%2F\u00a0\u00bb][\/vc_hoverbox]<div id=\"ultimate-heading-733269f4aa1352f85\" class=\"uvc-heading ult-adjust-bottom-margin ultimate-heading-733269f4aa1352f85 uvc-4246 \" data-hspacer=\"no_spacer\"  data-halign=\"center\" style=\"text-align:center\"><div class=\"uvc-heading-spacer no_spacer\" style=\"top\"><\/div><div class=\"uvc-sub-heading ult-responsive\"  data-ultimate-target='.uvc-heading.ultimate-heading-733269f4aa1352f85 .uvc-sub-heading '  data-responsive-json-new='{\"font-size\":\"\",\"line-height\":\"\"}'  style=\"font-weight:normal;\"><span style=\"font-size: 18px;\"><strong><span style=\"font-family: arial, helvetica, sans-serif;\"><b>Quand la \u00ab philosophie \u00bb se d\u00e9voile\u2026 seins nus : regards crois\u00e9s sur Lagren\u00e9e et Brandi<\/b><\/span><\/strong><\/span><\/div><\/div>[\/vc_column][\/vc_row]<\/p>\n<\/div>","protected":false},"excerpt":{"rendered":"<p>[vc_row][vc_column width=\u00a0\u00bb1\/3&Prime;][vc_hoverbox image=\u00a0\u00bb359&Prime; primary_title=\u00a0\u00bb\u00a0\u00bb hover_title=\u00a0\u00bb\u00a0\u00bb hover_background_color=\u00a0\u00bbcustom\u00a0\u00bb hover_btn_title=\u00a0\u00bbLire l&rsquo;article\u00a0\u00bb hover_btn_color=\u00a0\u00bbwhite\u00a0\u00bb hover_add_button=\u00a0\u00bbtrue\u00a0\u00bb hover_custom_background=\u00a0\u00bb#DFA248&Prime; hover_btn_link=\u00a0\u00bburl:https%3A%2F%2Fkos-avocats.fr%2Fameliecoeurbattantcorpspatient%2F2025%2F11%2F07%2Fle-handicap-cause-par-la-maladie-ca-vous-parle%2F\u00a0\u00bb][\/vc_hoverbox][vc_empty_space height=\u00a0\u00bb50px\u00a0\u00bb][vc_hoverbox image=\u00a0\u00bb345&Prime; primary_title=\u00a0\u00bb\u00a0\u00bb hover_title=\u00a0\u00bb\u00a0\u00bb hover_background_color=\u00a0\u00bbcustom\u00a0\u00bb hover_btn_title=\u00a0\u00bbLire l&rsquo;article\u00a0\u00bb hover_btn_color=\u00a0\u00bbwhite\u00a0\u00bb hover_add_button=\u00a0\u00bbtrue\u00a0\u00bb hover_custom_background=\u00a0\u00bb#DFA248&Prime; hover_btn_link=\u00a0\u00bburl:https%3A%2F%2Fkos-avocats.fr%2Fameliecoeurbattantcorpspatient%2F2025%2F10%2F16%2Fjournee-mondiale-de-la-douleur-mepriser-la-douleur-lecon-stoicienne-et-limites-humaines%2F\u00a0\u00bb][\/vc_hoverbox][\/vc_column][vc_column width=\u00a0\u00bb1\/3&Prime;][vc_hoverbox image=\u00a0\u00bb287&Prime; primary_title=\u00a0\u00bb\u00a0\u00bb hover_title=\u00a0\u00bb\u00a0\u00bb hover_background_color=\u00a0\u00bbcustom\u00a0\u00bb hover_btn_title=\u00a0\u00bbLire l&rsquo;article\u00a0\u00bb hover_btn_color=\u00a0\u00bbwhite\u00a0\u00bb hover_add_button=\u00a0\u00bbtrue\u00a0\u00bb hover_custom_background=\u00a0\u00bb#DFA248&Prime; hover_btn_link=\u00a0\u00bburl:https%3A%2F%2Fkos-avocats.fr%2Fameliecoeurbattantcorpspatient%2F2025%2F09%2F12%2Fsouvenir-de-vacances%2F\u00a0\u00bb][\/vc_hoverbox][vc_empty_space height=\u00a0\u00bb50px\u00a0\u00bb][vc_hoverbox image=\u00a0\u00bb317&Prime; primary_title=\u00a0\u00bb\u00a0\u00bb hover_title=\u00a0\u00bb\u00a0\u00bb hover_background_color=\u00a0\u00bbcustom\u00a0\u00bb hover_btn_title=\u00a0\u00bbLire l&rsquo;article\u00a0\u00bb hover_btn_color=\u00a0\u00bbwhite\u00a0\u00bb hover_add_button=\u00a0\u00bbtrue\u00a0\u00bb hover_custom_background=\u00a0\u00bb#DFA248&Prime; hover_btn_link=\u00a0\u00bburl:https%3A%2F%2Fkos-avocats.fr%2Fameliecoeurbattantcorpspatient%2F2025%2F09%2F19%2Freflexion-sur-mes-lectures-de-quarantenaire%2F\u00a0\u00bb][\/vc_hoverbox][\/vc_column][vc_column width=\u00a0\u00bb1\/3&Prime;][vc_hoverbox image=\u00a0\u00bb139&Prime; primary_title=\u00a0\u00bb\u00a0\u00bb hover_title=\u00a0\u00bb\u00a0\u00bb hover_background_color=\u00a0\u00bbcustom\u00a0\u00bb hover_btn_title=\u00a0\u00bbLire l&rsquo;article\u00a0\u00bb hover_btn_color=\u00a0\u00bbwhite\u00a0\u00bb hover_add_button=\u00a0\u00bbtrue\u00a0\u00bb hover_custom_background=\u00a0\u00bb#DFA248&Prime; hover_btn_link=\u00a0\u00bburl:https%3A%2F%2Fkos-avocats.fr%2Fameliecoeurbattantcorpspatient%2F2025%2F06%2F06%2Fla-technique-du-lieu-sur-sabriter-quand-lemotion-deborde%2F\u00a0\u00bb][\/vc_hoverbox][vc_empty_space height=\u00a0\u00bb50px\u00a0\u00bb][vc_hoverbox image=\u00a0\u00bb138&Prime; primary_title=\u00a0\u00bb\u00a0\u00bb hover_title=\u00a0\u00bb\u00a0\u00bb hover_background_color=\u00a0\u00bbcustom\u00a0\u00bb hover_btn_title=\u00a0\u00bbLire l&rsquo;article\u00a0\u00bb hover_btn_color=\u00a0\u00bbwhite\u00a0\u00bb hover_add_button=\u00a0\u00bbtrue\u00a0\u00bb hover_custom_background=\u00a0\u00bb#DFA248&Prime; hover_btn_link=\u00a0\u00bburl:https%3A%2F%2Fkos-avocats.fr%2Fameliecoeurbattantcorpspatient%2F2025%2F06%2F06%2Fla-sensibilite-une-alliee-precieuse-dans-mon-metier%2F\u00a0\u00bb][\/vc_hoverbox][vc_empty_space height=\u00a0\u00bb50px\u00a0\u00bb][vc_hoverbox image=\u00a0\u00bb331&Prime; primary_title=\u00a0\u00bb\u00a0\u00bb hover_title=\u00a0\u00bb\u00a0\u00bb hover_background_color=\u00a0\u00bbcustom\u00a0\u00bb hover_btn_title=\u00a0\u00bbLire l&rsquo;article\u00a0\u00bb hover_btn_color=\u00a0\u00bbwhite\u00a0\u00bb hover_add_button=\u00a0\u00bbtrue\u00a0\u00bb hover_custom_background=\u00a0\u00bb#DFA248&Prime; hover_btn_link=\u00a0\u00bburl:https%3A%2F%2Fkos-avocats.fr%2Fameliecoeurbattantcorpspatient%2F2025%2F10%2F03%2Fquand-la-philosophie-se-devoile-seins-nus-regards-croises-sur-lagrenee-et-brandi%2F\u00a0\u00bb][\/vc_hoverbox][\/vc_column][\/vc_row]<\/p>\n","protected":false},"author":4,"featured_media":0,"parent":0,"menu_order":0,"comment_status":"closed","ping_status":"closed","template":"","meta":{"footnotes":""},"class_list":["post-137","page","type-page","status-publish","hentry"],"_links":{"self":[{"href":"https:\/\/kos-avocats.fr\/ameliecoeurbattantcorpspatient\/wp-json\/wp\/v2\/pages\/137","targetHints":{"allow":["GET"]}}],"collection":[{"href":"https:\/\/kos-avocats.fr\/ameliecoeurbattantcorpspatient\/wp-json\/wp\/v2\/pages"}],"about":[{"href":"https:\/\/kos-avocats.fr\/ameliecoeurbattantcorpspatient\/wp-json\/wp\/v2\/types\/page"}],"author":[{"embeddable":true,"href":"https:\/\/kos-avocats.fr\/ameliecoeurbattantcorpspatient\/wp-json\/wp\/v2\/users\/4"}],"replies":[{"embeddable":true,"href":"https:\/\/kos-avocats.fr\/ameliecoeurbattantcorpspatient\/wp-json\/wp\/v2\/comments?post=137"}],"version-history":[{"count":10,"href":"https:\/\/kos-avocats.fr\/ameliecoeurbattantcorpspatient\/wp-json\/wp\/v2\/pages\/137\/revisions"}],"predecessor-version":[{"id":366,"href":"https:\/\/kos-avocats.fr\/ameliecoeurbattantcorpspatient\/wp-json\/wp\/v2\/pages\/137\/revisions\/366"}],"wp:attachment":[{"href":"https:\/\/kos-avocats.fr\/ameliecoeurbattantcorpspatient\/wp-json\/wp\/v2\/media?parent=137"}],"curies":[{"name":"wp","href":"https:\/\/api.w.org\/{rel}","templated":true}]}}